{"id":94,"date":"2024-04-27T10:58:52","date_gmt":"2024-04-27T10:58:52","guid":{"rendered":"https:\/\/gcfle.perfectlydigital.dev\/?page_id=94"},"modified":"2024-04-29T06:20:20","modified_gmt":"2024-04-29T06:20:20","slug":"our-uniqueness","status":"publish","type":"page","link":"https:\/\/gcfleadership.org\/fr\/about-the-course\/our-uniqueness\/","title":{"rendered":"Notre singularit\u00e9"},"content":{"rendered":"Collaboration \u00c9tendue de la consultation Vision locale et globale Bas\u00e9 sur le minist\u00e8re Communaut\u00e9 intime Collaboration\n\t\t\t\t<p>L&#039;exp\u00e9rience de leadership du GCF est un projet collaboratif n\u00e9 du d\u00e9sir des \u00e9glises et des minist\u00e8res locaux de nourrir les leaders du minist\u00e8re aupr\u00e8s de leurs enfants. Le groupe de planification principal comprend neuf personnes originaires d&#039;Inde, d&#039;Afrique du Sud, d&#039;\u00c9thiopie, du Kenya, des \u00c9tats-Unis, du Canada et d&#039;Australie. Ils repr\u00e9sentent huit minist\u00e8res locaux et mondiaux importants en faveur des enfants, qui reconnaissent tous que la plupart des \u00e9glises et des minist\u00e8res sont incapables de fournir \u00e0 eux seuls ce niveau de d\u00e9veloppement du leadership. Le groupe est issu d&#039;une gamme de confessions \u00e9vang\u00e9liques.<\/p>\n\t\t\t\t\t\t\t\u00c9tendue de la consultation\n\t\t\t\t<p>Le groupe de planification principal de l&#039;exp\u00e9rience de leadership du GCF a \u00e9t\u00e9 nomm\u00e9 par un groupe consultatif plus large qui a contribu\u00e9 \u00e0 d\u00e9finir l&#039;exp\u00e9rience de leadership, sa valeur et son contenu. Ce groupe repr\u00e9sente sept autres minist\u00e8res, dont des \u00e9tablissements universitaires r\u00e9partis sur trois continents.<\/p>\n\t\t\t\t\t\t\tVision locale et globale\n\t\t\t\t<p>L&#039;exp\u00e9rience de leadership du GCF est au service des \u00e9glises et des minist\u00e8res locaux qui partagent la Bonne Nouvelle de J\u00e9sus au niveau local. Il cherche \u00e0 renforcer leur leadership et ainsi assurer l\u2019efficacit\u00e9 \u00e0 long terme de leur Royaume. En m\u00eame temps, l&#039;Exp\u00e9rience de Leadership a pour vision de servir l&#039;\u00c9glise mondiale en aidant \u00e0 \u00e9lever une g\u00e9n\u00e9ration de dirigeants du minist\u00e8re des enfants \u00e0 travers le monde qui travailleront ensemble pour que tous les enfants aient l&#039;opportunit\u00e9 de faire l&#039;exp\u00e9rience de l&#039;amour et de la gr\u00e2ce de J\u00e9sus, et pour le suivre.<\/p>\n\t\t\t\t\t\t\tBas\u00e9 sur le minist\u00e8re\n\t\t\t\t<p>Bien que le point central de l&#039;exp\u00e9rience de leadership soit le temps pass\u00e9 pendant les quatre semaines intensives, le reste du cours est con\u00e7u de mani\u00e8re \u00e0 ce que le participant puisse continuer son emploi \u00e0 temps plein tout au long de l&#039;ann\u00e9e. Pour certains, cela rel\u00e8vera du minist\u00e8re aupr\u00e8s des enfants, mais d&#039;autres auront un emploi la\u00efque tout en offrant b\u00e9n\u00e9volement leur leadership au sein d&#039;une \u00e9glise ou d&#039;une organisation.<\/p>\n<p>L&#039;exp\u00e9rience de leadership reliera intentionnellement l&#039;apprentissage aux besoins et aux exp\u00e9riences du minist\u00e8re auquel le participant contribue d\u00e9j\u00e0. Il demandera l&#039;avis du minist\u00e8re dans lequel le participant travaille actuellement afin de s&#039;assurer que l&#039;apprentissage et les missions sont pertinents et appropri\u00e9s.<\/p>\n\t\t\t\t\t\t\tCommunaut\u00e9 intime\n\t\t\t\t<p>L&#039;exp\u00e9rience de leadership est une communaut\u00e9 o\u00f9 un petit groupe de leaders passionn\u00e9s re\u00e7oivent une formation cibl\u00e9e de la part des dirigeants du minist\u00e8re mondial qui vivent avec eux pendant le s\u00e9jour intensif.<\/p>","protected":false},"excerpt":{"rendered":"<p>Collaboration \u00c9tendue de la consultation Vision locale et mondiale Bas\u00e9 sur le minist\u00e8re Collaboration communautaire intime L&#039;exp\u00e9rience de leadership du GCF est un projet collaboratif n\u00e9 du d\u00e9sir des \u00e9glises et des minist\u00e8res locaux de nourrir les dirigeants du minist\u00e8re de leurs enfants. Le groupe de planification principal comprend neuf personnes originaires d&#039;Inde, d&#039;Afrique du Sud, d&#039;\u00c9thiopie, du Kenya, des \u00c9tats-Unis, du Canada et d&#039;Australie. \u2026 <a title=\"Notre singularit\u00e9\" class=\"read-more\" href=\"https:\/\/gcfleadership.org\/fr\/about-the-course\/our-uniqueness\/\" aria-label=\"En savoir plus sur Notre singularit\u00e9\">Lire plus<\/a><\/p>","protected":false},"author":1,"featured_media":0,"parent":84,"menu_order":0,"comment_status":"closed","ping_status":"closed","template":"","meta":{"give_campaign_id":0,"_seopress_robots_primary_cat":"","_seopress_titles_title":"","_seopress_titles_desc":"","_seopress_robots_index":"","footnotes":""},"class_list":["post-94","page","type-page","status-publish"],"campaignId":"","_links":{"self":[{"href":"https:\/\/gcfleadership.org\/fr\/wp-json\/wp\/v2\/pages\/94","targetHints":{"allow":["GET"]}}],"collection":[{"href":"https:\/\/gcfleadership.org\/fr\/wp-json\/wp\/v2\/pages"}],"about":[{"href":"https:\/\/gcfleadership.org\/fr\/wp-json\/wp\/v2\/types\/page"}],"author":[{"embeddable":true,"href":"https:\/\/gcfleadership.org\/fr\/wp-json\/wp\/v2\/users\/1"}],"replies":[{"embeddable":true,"href":"https:\/\/gcfleadership.org\/fr\/wp-json\/wp\/v2\/comments?post=94"}],"version-history":[{"count":7,"href":"https:\/\/gcfleadership.org\/fr\/wp-json\/wp\/v2\/pages\/94\/revisions"}],"predecessor-version":[{"id":333,"href":"https:\/\/gcfleadership.org\/fr\/wp-json\/wp\/v2\/pages\/94\/revisions\/333"}],"up":[{"embeddable":true,"href":"https:\/\/gcfleadership.org\/fr\/wp-json\/wp\/v2\/pages\/84"}],"wp:attachment":[{"href":"https:\/\/gcfleadership.org\/fr\/wp-json\/wp\/v2\/media?parent=94"}],"curies":[{"name":"wp","href":"https:\/\/api.w.org\/{rel}","templated":true}]}}